{"id":19629,"date":"2023-08-05T12:58:41","date_gmt":"2023-08-05T12:58:41","guid":{"rendered":"https:\/\/eventmanagement.hu\/szallashelyek\/"},"modified":"2023-08-05T12:58:41","modified_gmt":"2023-08-05T12:58:41","slug":"szallashelyek","status":"publish","type":"page","link":"https:\/\/conference.hu\/en\/szallashelyek\/","title":{"rendered":"Sz\u00e1ll\u00e1shelyek"},"content":{"rendered":"<div class=\"mphb_sc_rooms-wrapper mphb-room-types\">\n<div class=\"mphb-room-type post-19696 mphb_room_type type-mphb_room_type status-publish mphb-room-type-adults-1 mphb-room-type-children-0\">\n\n\t\n\t\n<h2 class=\"mphb-room-type-title entry-title\">\n\n<a class=\"mphb-room-type-title\" href=\"https:\/\/conference.hu\/en\/accommodation\/szurkefarkas-konferencia\/\">Sz\u00fcrkefarkas Konferencia<\/a>\n\n<\/h2>\n\n\n\n<h3 class=\"mphb-room-type-details-title\">Details<\/h3><ul class=\"mphb-loop-room-type-attributes\">\n\n\n\t<li class=\"mphb-room-type-adults-capacity\"><span class=\"mphb-attribute-title mphb-adults-title\">Adults:<\/span><span class=\"mphb-attribute-value\">\n\t1\n\t<\/span><\/li>\n\n\n\n\n\n\n\n\n\n\n<\/ul>\n\n<p class=\"mphb-view-details-button-wrapper\">\n<a class=\"button mphb-view-details-button\" href=\"https:\/\/conference.hu\/en\/accommodation\/szurkefarkas-konferencia\/\" >View Details<\/a>\n<\/p>\n<div class=\"mphb-to-book-btn-wrapper\">\n<form action=\"https:\/\/conference.hu\/en\/accommodation\/szurkefarkas-konferencia\/#booking-form-19696\" method=\"get\" data-trp-original-action=\"https:\/\/conference.hu\/en\/accommodation\/szurkefarkas-konferencia\/#booking-form-19696\" ><button type=\"submit\" class=\"button mphb-book-button\" >Book<\/button><input type=\"hidden\" name=\"trp-form-language\" value=\"en\"\/><\/form>\n<br\/><\/div>\n\t\n<\/div>\n\n\n<div class=\"mphb-room-type post-19677 mphb_room_type type-mphb_room_type status-publish has-post-thumbnail mphb-room-type-adults-2 mphb-room-type-children-0\">\n\n\t\n\t\n\n\t<p class=\"post-thumbnail mphb-loop-room-thumbnail\">\n\t<a href=\"https:\/\/conference.hu\/en\/accommodation\/feketerigo-hotel-2-agyas-szoba-szurkefarkas-konferencia\/\">\n\t<img decoding=\"async\" width=\"75\" height=\"50\" src=\"https:\/\/i0.wp.com\/conference.hu\/wp-content\/uploads\/2023\/07\/DSC_0537.jpg?fit=75%2C50&amp;ssl=1\" class=\"attachment-post-thumbnail size-post-thumbnail wp-post-image\" alt=\"\" srcset=\"https:\/\/i0.wp.com\/conference.hu\/wp-content\/uploads\/2023\/07\/DSC_0537.jpg?w=75&amp;ssl=1 75w, https:\/\/i0.wp.com\/conference.hu\/wp-content\/uploads\/2023\/07\/DSC_0537.jpg?resize=18%2C12&amp;ssl=1 18w\" sizes=\"(max-width: 75px) 100vw, 75px\" \/>\t<\/a>\n\n\t<\/p>\n\n<h2 class=\"mphb-room-type-title entry-title\">\n\n<a class=\"mphb-room-type-title\" href=\"https:\/\/conference.hu\/en\/accommodation\/feketerigo-hotel-2-agyas-szoba-szurkefarkas-konferencia\/\">Feketerig\u00f3 Hotel 2 \u00e1gyas szoba &#8211; Sz\u00fcrkefarkas Konferencia<\/a>\n\n<\/h2>\n\n<p>Feketerig\u00f3 Hotel 2 \u00e1gyas szoba &#8211; Sz\u00fcrkefarkas Konferencia<\/p>\n\n\n<h3 class=\"mphb-room-type-details-title\">Details<\/h3><ul class=\"mphb-loop-room-type-attributes\">\n\n\n\t<li class=\"mphb-room-type-adults-capacity\"><span class=\"mphb-attribute-title mphb-adults-title\">Adults:<\/span><span class=\"mphb-attribute-value\">\n\t2\n\t<\/span><\/li>\n\n\n\n\n\n\n\n\n\n\n<\/ul>\n\n<p class=\"mphb-view-details-button-wrapper\">\n<a class=\"button mphb-view-details-button\" href=\"https:\/\/conference.hu\/en\/accommodation\/feketerigo-hotel-2-agyas-szoba-szurkefarkas-konferencia\/\" >View Details<\/a>\n<\/p>\n<div class=\"mphb-to-book-btn-wrapper\">\n<form action=\"https:\/\/conference.hu\/en\/accommodation\/feketerigo-hotel-2-agyas-szoba-szurkefarkas-konferencia\/#booking-form-19677\" method=\"get\" data-trp-original-action=\"https:\/\/conference.hu\/en\/accommodation\/feketerigo-hotel-2-agyas-szoba-szurkefarkas-konferencia\/#booking-form-19677\" ><button type=\"submit\" class=\"button mphb-book-button\" >Book<\/button><input type=\"hidden\" name=\"trp-form-language\" value=\"en\"\/><\/form>\n<br\/><\/div>\n\t\n<\/div>\n\n<\/div>","protected":false},"excerpt":{"rendered":"","protected":false},"author":97,"featured_media":0,"parent":0,"menu_order":0,"comment_status":"closed","ping_status":"closed","template":"","meta":{"footnotes":""},"class_list":["post-19629","page","type-page","status-publish","hentry"],"_links":{"self":[{"href":"https:\/\/conference.hu\/en\/wp-json\/wp\/v2\/pages\/19629","targetHints":{"allow":["GET"]}}],"collection":[{"href":"https:\/\/conference.hu\/en\/wp-json\/wp\/v2\/pages"}],"about":[{"href":"https:\/\/conference.hu\/en\/wp-json\/wp\/v2\/types\/page"}],"author":[{"embeddable":true,"href":"https:\/\/conference.hu\/en\/wp-json\/wp\/v2\/users\/97"}],"replies":[{"embeddable":true,"href":"https:\/\/conference.hu\/en\/wp-json\/wp\/v2\/comments?post=19629"}],"version-history":[{"count":0,"href":"https:\/\/conference.hu\/en\/wp-json\/wp\/v2\/pages\/19629\/revisions"}],"wp:attachment":[{"href":"https:\/\/conference.hu\/en\/wp-json\/wp\/v2\/media?parent=19629"}],"curies":[{"name":"wp","href":"https:\/\/api.w.org\/{rel}","templated":true}]}}